{"id":1419,"date":"2026-01-31T17:10:56","date_gmt":"2026-01-31T17:10:56","guid":{"rendered":"https:\/\/thinex.tech\/proyecto\/smart-battery-case\/"},"modified":"2026-02-03T18:20:14","modified_gmt":"2026-02-03T18:20:14","slug":"smart-battery-case","status":"publish","type":"proyecto","link":"https:\/\/thinex.tech\/ca\/proyecto\/smart-battery-case\/","title":{"rendered":"Smart Battery Case"},"content":{"rendered":"<section class=\"tnx-hero thinex-blog-hero has-primary-background-color\" style=\"background-image:url(https:\/\/thinex.tech\/wp-content\/uploads\/2025\/09\/hero.webp);background-repeat:no-repeat;background-size:cover;background-position:center;\">\n\t<div class=\"tnx-hero__inner\">\n\t\t\n\t\t\t\t\t<h1 class=\"tnx-hero__title\"><strong>Projectes d\u2019Electr\u00f2nica Impresa<\/strong><\/h1>\n\t\t\n\t\t\t\t\t<p class=\"tnx-hero__desc\"><br>La nostra dedicaci\u00f3 a la innovaci\u00f3 \u00e9s incansable, la qual cosa queda reflectida en els <strong>projectes de R+D <\/strong>en qu\u00e8 participem. Aquests projectes ens permeten desenvolupar solucions \u00faniques i personalitzades per a una \u00e0mplia varietat d&#8217;aplicacions i mercats, cosa que ens permet estar a l&#8217;avantguarda al camp de l&#8217;electr\u00f2nica impresa.<\/p>\n\t\t\n\t\t\t<\/div>\n<\/section>\n\n<div style=\"height:50px\" aria-hidden=\"true\" class=\"wp-block-spacer\"><\/div>\n\n<div class=\"wp-block-columns is-layout-flex wp-container-core-columns-is-layout-9d6595d7 wp-block-columns-is-layout-flex\">\n<div class=\"wp-block-column is-layout-flow wp-block-column-is-layout-flow\" style=\"flex-basis:25%\"><\/div>\n\n\n\n<div class=\"wp-block-column is-layout-flow wp-block-column-is-layout-flow\" style=\"flex-basis:50%\">\n<h1 class=\"wp-block-heading\">Smart Battery Case<\/h1>\n\n\n\n<h2 class=\"wp-block-heading\"><strong>Funcionalitzaci\u00f3 de materials per a electromobilitat<\/strong><\/h2>\n\n\n\n<div style=\"height:50px\" aria-hidden=\"true\" class=\"wp-block-spacer\"><\/div>\n\n\n\n<p><strong>Objectiu del projecte<\/strong><br\/>El projecte Smart Battery Case va tenir com a objectiu desenvolupar una soluci\u00f3 intel\u00b7ligent per a la <strong>monitoritzaci\u00f3 de l&#8217;estat de bateries<\/strong>, integrant <strong>electr\u00f2nica impresa<\/strong> directament a la carcassa o elements associats, per tal de millorar la seguretat, el control i la vida \u00fatil dels sistemes d&#8217;emmagatzematge energ\u00e8tic.<\/p>\n\n\n\n<div class=\"wp-block-group alignwide is-content-justification-center is-nowrap is-layout-flex wp-container-core-group-is-layout-94bc23d7 wp-block-group-is-layout-flex\">\n<figure class=\"wp-block-embed alignfull is-type-video is-provider-youtube wp-block-embed-youtube wp-embed-aspect-16-9 wp-has-aspect-ratio\"><div class=\"wp-block-embed__wrapper\">\n<iframe loading=\"lazy\" title=\"Smart Battery Case - Funcionalizaci\u00f3n de materiales para electromovilidad\" width=\"500\" height=\"281\" src=\"https:\/\/www.youtube.com\/embed\/MJlYxPlYBho?feature=oembed\" frameborder=\"0\" allow=\"accelerometer; autoplay; clipboard-write; encrypted-media; gyroscope; picture-in-picture; web-share\" referrerpolicy=\"strict-origin-when-cross-origin\" allowfullscreen><\/iframe>\n<\/div><\/figure>\n<\/div>\n\n\n\n<div style=\"height:20px\" aria-hidden=\"true\" class=\"wp-block-spacer\"><\/div>\n\n\n\n<p><br\/><strong>Capacitats del consorci<\/strong><br\/>El consorci va reunir experi\u00e8ncia en <strong>electr\u00f2nica impresa<\/strong>, sens\u00f2rica i sistemes de gesti\u00f3 denergia, permetent el disseny de solucions funcionals de baix perfil, f\u00e0cilment integrables en bateries i compatibles amb processos industrials.<\/p>\n\n\n\n<p><strong>Soluci\u00f3 al repte<\/strong><br\/>La supervisi\u00f3 convencional de bateries sol requerir components r\u00edgids o sistemes externs que incrementen complexitat i costos. Smart Battery Case va abordar aquest repte mitjan\u00e7ant la integraci\u00f3 de <strong>sensors impresos <\/strong>capa\u00e7os de mesurar par\u00e0metres clau com a temperatura, deformaci\u00f3 o condicions operatives, proporcionant informaci\u00f3 rellevant per a la detecci\u00f3 primerenca de fallades i el manteniment predictiu.<\/p>\n\n\n\n<figure class=\"wp-block-image size-medium\"><img loading=\"lazy\" decoding=\"async\" width=\"300\" height=\"169\" src=\"https:\/\/thinex.tech\/wp-content\/uploads\/2025\/12\/smart-battery-case-proyecto-electronica-impresa-300x169.avif\" alt=\"smart battery case projecte electronica impresa\" class=\"wp-image-1141\" srcset=\"https:\/\/thinex.tech\/wp-content\/uploads\/2025\/12\/smart-battery-case-proyecto-electronica-impresa-300x169.avif 300w, https:\/\/thinex.tech\/wp-content\/uploads\/2025\/12\/smart-battery-case-proyecto-electronica-impresa-1024x576.avif 1024w, https:\/\/thinex.tech\/wp-content\/uploads\/2025\/12\/smart-battery-case-proyecto-electronica-impresa-768x432.avif 768w, https:\/\/thinex.tech\/wp-content\/uploads\/2025\/12\/smart-battery-case-proyecto-electronica-impresa.avif 1280w\" sizes=\"auto, (max-width: 300px) 100vw, 300px\" \/><\/figure>\n\n\n\n<div style=\"height:20px\" aria-hidden=\"true\" class=\"wp-block-spacer\"><\/div>\n\n\n\n<p><br\/><strong>Abast del projecte<\/strong><br\/>El projecte va incloure el desenvolupament i la validaci\u00f3 de<strong> sensors impresos flexibles<\/strong> i la seva integraci\u00f3 en carcasses de bateries, aix\u00ed com l&#8217;avaluaci\u00f3 del funcionament en condicions reals d&#8217;\u00fas. Se&#8217;n va prioritzar l&#8217;escalabilitat, el baix cost i la compatibilitat amb diferents formats de bateria.<\/p>\n\n\n\n<p><strong>Resultat esperat<\/strong><br\/>Els resultats esperats del projecte inclouen:<\/p>\n\n\n\n<ul class=\"wp-block-list\">\n<li>Millora de la seguretat i fiabilitat dels sistemes de bateries.<\/li>\n\n\n\n<li>Detecci\u00f3 primerenca d&#8217;anomalies i errors.<\/li>\n\n\n\n<li>Extensi\u00f3 de la vida \u00fatil de les bateries.<\/li>\n\n\n\n<li>Consolidaci\u00f3 de l&#8217;<strong>electr\u00f2nica impresa <\/strong>com a tecnologia habilitadora per a solucions avan\u00e7ades en emmagatzematge energ\u00e8tic.<\/li>\n<\/ul>\n\n\n<div class=\"wp-block-image\">\n<figure class=\"aligncenter size-full\"><img loading=\"lazy\" decoding=\"async\" width=\"1024\" height=\"107\" src=\"https:\/\/thinex.tech\/wp-content\/uploads\/2026\/01\/Logo-aei.avif\" alt=\"\" class=\"wp-image-1258\" srcset=\"https:\/\/thinex.tech\/wp-content\/uploads\/2026\/01\/Logo-aei.avif 1024w, https:\/\/thinex.tech\/wp-content\/uploads\/2026\/01\/Logo-aei-300x31.avif 300w, https:\/\/thinex.tech\/wp-content\/uploads\/2026\/01\/Logo-aei-768x80.avif 768w\" sizes=\"auto, (max-width: 1024px) 100vw, 1024px\" \/><\/figure>\n<\/div><\/div>\n\n\n\n<div class=\"wp-block-column is-layout-flow wp-block-column-is-layout-flow\" style=\"flex-basis:25%\"><\/div>\n<\/div>\n","protected":false},"excerpt":{"rendered":"<p>Funcionalitzaci\u00f3 de materials per a electromobilitat<\/p>\n","protected":false},"featured_media":1415,"template":"","class_list":["post-1419","proyecto","type-proyecto","status-publish","has-post-thumbnail","hentry"],"acf":[],"_links":{"self":[{"href":"https:\/\/thinex.tech\/ca\/wp-json\/wp\/v2\/proyecto\/1419","targetHints":{"allow":["GET"]}}],"collection":[{"href":"https:\/\/thinex.tech\/ca\/wp-json\/wp\/v2\/proyecto"}],"about":[{"href":"https:\/\/thinex.tech\/ca\/wp-json\/wp\/v2\/types\/proyecto"}],"wp:featuredmedia":[{"embeddable":true,"href":"https:\/\/thinex.tech\/ca\/wp-json\/wp\/v2\/media\/1415"}],"wp:attachment":[{"href":"https:\/\/thinex.tech\/ca\/wp-json\/wp\/v2\/media?parent=1419"}],"curies":[{"name":"wp","href":"https:\/\/api.w.org\/{rel}","templated":true}]}}